{"id":11196,"date":"2025-11-23T21:10:29","date_gmt":"2025-11-23T20:10:29","guid":{"rendered":"https:\/\/legalallies.es\/?post_type=servicio&#038;p=11196"},"modified":"2025-12-18T23:16:59","modified_gmt":"2025-12-18T22:16:59","slug":"arraigo-sociolaboral-spania-cerinte-aspecte-esentiale","status":"publish","type":"servicio","link":"https:\/\/legalallies.es\/ro\/servicio\/arraigo-sociolaboral-spania-cerinte-aspecte-esentiale\/","title":{"rendered":""},"content":{"rendered":"\n<p>Locuie\u0219ti \u00een Spania f\u0103r\u0103 acte?<strong>&nbsp;<\/strong>Po\u021bi \u00eencepe o nou\u0103 etap\u0103 legal\u0103 \u00een via\u021ba ta. \u00ce\u021bi explic\u0103m cum po\u021bi solicita arraigo sociolaboral \u0219i s\u0103 \u00ee\u021bi schimbi situa\u021bia.<\/p>\n\n\n\n<p><em>&#8220;Sunt de doi ani \u00een Spania, lucrez unde pot, f\u0103r\u0103 contract, f\u0103r\u0103 acte, nu pot merge s\u0103-mi v\u0103d familia. <\/em><em>Vreau s\u0103 \u00eencep din nou, legal, dar nu \u0219tiu de unde s\u0103 \u00eencep&#8230;&#8221;<\/em><\/p>\n\n\n\n<p>Auzim aceast\u0103 fraz\u0103 \u00een fiecare zi. \u0218i dac\u0103 sim\u021bi acela\u0219i lucru, r\u0103m\u00e2i al\u0103turi de noi.<br>Pentru c\u0103 acesta ar putea fi punctul t\u0103u de pornire.<\/p>\n\n\n\n<h2 class=\"wp-block-heading\"><strong>Ce este arraigo sociolaboral \u00een Spania?<\/strong><strong><\/strong><\/h2>\n\n\n\n<p>Arraigo sociolaboral este un permis de \u0219edere \u0219i munc\u0103 \u00een Spania pe care \u00eel po\u021bi ob\u021bine chiar dac\u0103 nu ai acte legale, chiar dac\u0103 nu ai avut niciodat\u0103 un contract legal, chiar dac\u0103 e\u0219ti singur \u00een \u021bar\u0103.<\/p>\n\n\n\n<p>Este o cale legal\u0103 destinat\u0103 cet\u0103\u021benilor str\u0103ini care:<\/p>\n\n\n\n<ul class=\"wp-block-list\">\n<li>au locuit \u00een Spania cel pu\u021bin doi ani,<\/li>\n\n\n\n<li>nu au antecedente penale,<\/li>\n\n\n\n<li>au primit o ofert\u0103 de munc\u0103 oficial\u0103.<\/li>\n<\/ul>\n\n\n\n<p>Nu este necesar s\u0103 fii c\u0103s\u0103torit(\u0103), s\u0103 ai copii sau leg\u0103turi de familie. Conteaz\u0103 doar prezen\u021ba ta \u00een \u021bar\u0103, efortul depus \u0219i dorin\u021ba ta de a merge mai departe.<\/p>\n\n\n\n<p>Dup\u0103 aprobare, vei ob\u021bine:<\/p>\n\n\n\n<ul class=\"wp-block-list\">\n<li>un permis de \u0219edere \u0219i munc\u0103 valabil un an,<\/li>\n\n\n\n<li>posibilitatea de a-l transforma \u00eentr-un alt tip de reziden\u021b\u0103 sau de a \u00eencepe drumul c\u0103tre cet\u0103\u021benia spaniol\u0103.<\/li>\n<\/ul>\n\n\n\n<p>Este un nou \u00eenceput. Legal, stabil \u0219i mai aproape dec\u00e2t crezi.<\/p>\n\n\n\n<p>Nu conteaz\u0103 dac\u0103 ai lucrat f\u0103r\u0103 contract sau ai trecut frontiera ilegal. Important este c\u0103 e\u0219ti aici, ai o oportunitate de munc\u0103 \u0219i e\u0219ti gata s\u0103 faci lucrurile corect.<\/p>\n\n\n\n<h2 class=\"wp-block-heading\"><strong>Cerin\u021be pentru a solicita arraigo sociolaboral \u00een Spania<\/strong><strong><\/strong><\/h2>\n\n\n\n<p>Pentru a solicita acest tip de legalizare, trebuie s\u0103 \u00eendepline\u0219ti <strong>trei cerin\u021be esen\u021biale<\/strong>&nbsp;impuse de statul spaniol:<\/p>\n\n\n\n<h3 class=\"wp-block-heading\"><strong>1. Doi ani de reziden\u021b\u0103 \u00een Spania<\/strong><strong><\/strong><\/h3>\n\n\n\n<p>Trebuie s\u0103 dovede\u0219ti c\u0103 ai locuit \u00een mod continuu \u00een \u021bar\u0103. Po\u021bi folosi:<\/p>\n\n\n\n<ul class=\"wp-block-list\">\n<li>Certificat de empadronamiento istoric<\/li>\n\n\n\n<li>Documente oficiale de la orice institu\u021bie public\u0103 spaniol\u0103<\/li>\n<\/ul>\n\n\n\n<h3 class=\"wp-block-heading\"><strong>2. Lipsa antecedentelor penale<\/strong><strong><\/strong><\/h3>\n\n\n\n<p>At\u00e2t \u00een Spania, c\u00e2t \u0219i \u00een \u021b\u0103rile unde ai locuit \u00een ultimii 5 ani. Ai nevoie de:<\/p>\n\n\n\n<ul class=\"wp-block-list\">\n<li>Certificate de cazier judiciar din toate \u021b\u0103rile de re\u0219edin\u021b\u0103, legalizate\/apostilate \u0219i traduse \u00een spaniol\u0103 dac\u0103 este cazul<\/li>\n<\/ul>\n\n\n\n<h3 class=\"wp-block-heading\"><strong>3. O ofert\u0103 de munc\u0103 real\u0103<\/strong><strong><\/strong><\/h3>\n\n\n\n<p>Angajatorul trebuie s\u0103 \u00ee\u021bi ofere:<\/p>\n\n\n\n<ul class=\"wp-block-list\">\n<li>minim 20 de ore pe s\u0103pt\u0103m\u00e2n\u0103<\/li>\n\n\n\n<li>salariu conform salariului minim interprofesional (SMI)<\/li>\n\n\n\n<li>contract de munc\u0103 semnat sau angajament de angajare \u00een scris<\/li>\n<\/ul>\n\n\n\n<p>Nu este necesar\u0103 experien\u021ba profesional\u0103 anterioar\u0103 \u2014 doar o companie serioas\u0103 cu drept legal de a angaja.<\/p>\n\n\n\n<h2 class=\"wp-block-heading\"><strong>Documente necesare pentru dosar<\/strong><strong><\/strong><\/h2>\n\n\n\n<p>Pentru a nu pierde timp sau \u0219anse, este important s\u0103 ai un dosar complet, care s\u0103 con\u021bin\u0103:<\/p>\n\n\n\n<ul class=\"wp-block-list\">\n<li>Formularul oficial EX-10<\/li>\n\n\n\n<li>Pa\u0219aport complet \u0219i valabil<\/li>\n\n\n\n<li>Certificat de empadronamiento istoric<\/li>\n\n\n\n<li>Contract de munc\u0103 semnat (sau precontract)<\/li>\n\n\n\n<li>Certificate de cazier judiciar<\/li>\n\n\n\n<li>Dovezi ale integr\u0103rii tale (cursuri, formare, participare la asocia\u021bii)<\/li>\n\n\n\n<li>Raport de la prim\u0103rie (dac\u0103 este cerut \u00een ora\u0219ul t\u0103u)<\/li>\n<\/ul>\n\n\n\n<h2 class=\"wp-block-heading\"><strong>Unde \u0219i cum se depune cererea pentru arraigo sociolaboral \u00een Spania?<\/strong><strong><\/strong><\/h2>\n\n\n\n<p>Po\u021bi depune cererea \u00een dou\u0103 moduri:<\/p>\n\n\n\n<ul class=\"wp-block-list\">\n<li><strong>Fizic<\/strong>, cu programare la Oficiul pentru Str\u0103ini din provincia ta<\/li>\n\n\n\n<li><strong>Online<\/strong>, cu certificat digital<\/li>\n<\/ul>\n\n\n\n<p>Dup\u0103 depunerea cererii:<\/p>\n\n\n\n<ul class=\"wp-block-list\">\n<li>Dosarul t\u0103u va fi analizat<\/li>\n\n\n\n<li>Dac\u0103 lipsesc documente, vei fi informat \u0219i ai la dispozi\u021bie <strong>15 zile<\/strong>&nbsp;pentru completare<\/li>\n\n\n\n<li>Autorit\u0103\u021bile au la dispozi\u021bie maximum <strong>3 luni<\/strong>&nbsp;pentru a r\u0103spunde; dac\u0103 nu o fac, se consider\u0103 <strong>refuz tacit<\/strong><\/li>\n<\/ul>\n\n\n\n<p>Din acest motiv, este esen\u021bial s\u0103 prezin\u021bi toate documentele corect de la \u00eenceput pentru a evita \u00eent\u00e2rzierile sau respingerile.<\/p>\n\n\n\n<h2 class=\"wp-block-heading\"><strong>Cum te ajut\u0103 Legal Allies?<\/strong><strong><\/strong><\/h2>\n\n\n\n<p>La <strong>Legal Allies<\/strong>, te \u00een\u021belegem:<\/p>\n\n\n\n<ul class=\"wp-block-list\">\n<li>Te-ai s\u0103turat s\u0103 a\u0219tep\u021bi<\/li>\n\n\n\n<li>Nu \u0219tii \u00een cine po\u021bi avea \u00eencredere<\/li>\n\n\n\n<li>\u00ce\u021bi este team\u0103 s\u0103 pl\u0103te\u0219ti \u0219i s\u0103 nu func\u021bioneze<\/li>\n\n\n\n<li>\u00ce\u021bi este greu s\u0103 \u00een\u021belegi cerin\u021bele \u0219i documentele<\/li>\n<\/ul>\n\n\n\n<p>Pentru noi nu e\u0219ti doar un dosar.<br>E\u0219ti o persoan\u0103, cu o poveste, cu vise \u0219i cu dorin\u021ba de a \u00eencepe din nou cu demnitate.<\/p>\n\n\n\n<p>De aceea te ajut\u0103m de la \u00eenceput p\u00e2n\u0103 la final:<\/p>\n\n\n\n<ul class=\"wp-block-list\">\n<li>Verific\u0103m \u00eempreun\u0103 dac\u0103 \u00eendepline\u0219ti condi\u021biile<\/li>\n\n\n\n<li>Organiz\u0103m toate documentele tale<\/li>\n\n\n\n<li>Complet\u0103m formularele \u0219i depunem cererea<\/li>\n\n\n\n<li>Te \u021binem la curent \u00een fiecare etap\u0103<\/li>\n<\/ul>\n\n\n\n<p>\u0218i dac\u0103 dosarul t\u0103u nu este eligibil, \u00ee\u021bi vom spune dinainte.<br>Ca s\u0103 nu pierzi nici bani, nici timp.<\/p>\n\n\n\n<h2 class=\"wp-block-heading\"><strong>De ce este important<\/strong><strong><\/strong><\/h2>\n\n\n\n<p>Un proces de <strong>arraigo sociolaboral<\/strong>&nbsp;corect te va ajuta s\u0103:<\/p>\n\n\n\n<ul class=\"wp-block-list\">\n<li>c\u0103l\u0103tore\u0219ti<\/li>\n\n\n\n<li>deschizi un cont bancar<\/li>\n\n\n\n<li>\u00eenchiriezi o locuin\u021b\u0103<\/li>\n\n\n\n<li>ob\u021bii contracte legale de munc\u0103<\/li>\n\n\n\n<li>beneficiezi de ajutor social \u0219i servicii medicale<\/li>\n\n\n\n<li>aduci familia ta \u00een Spania<\/li>\n\n\n\n<li>\u0219i mai ales: s\u0103 tr\u0103ie\u0219ti f\u0103r\u0103 fric\u0103 \u0219i s\u0103 \u00eencepi drumul c\u0103tre cet\u0103\u021benia spaniol\u0103<\/li>\n<\/ul>\n\n\n\n<h2 class=\"wp-block-heading\"><strong>E\u0219ti gata s\u0103 faci primul pas?<\/strong><strong><\/strong><\/h2>\n\n\n\n<p>E\u0219ti mai aproape de legalizare dec\u00e2t crezi.<br>Nu e\u0219ti singur(\u0103).<br>Suntem aici s\u0103 te ajut\u0103m s\u0103 \u00ee\u021bi schimbi statutul \u00een Spania prin <strong>arraigo sociolaboral<\/strong>.<\/p>\n\n\n\t\t<div data-elementor-type=\"container\" data-elementor-id=\"13169\" class=\"elementor elementor-13169 elementor-12076\" data-elementor-post-type=\"elementor_library\">\n\t\t\t\t<div class=\"elementor-element elementor-element-3ba44ca0 e-flex e-con-boxed e-con e-parent\" data-id=\"3ba44ca0\" data-element_type=\"container\" data-e-type=\"container\" data-settings=\"{&quot;background_background&quot;:&quot;classic&quot;}\">\n\t\t\t\t\t<div class=\"e-con-inner\">\n\t\t<div class=\"elementor-element elementor-element-41dea95b e-con-full e-flex e-con e-child\" data-id=\"41dea95b\" data-element_type=\"container\" data-e-type=\"container\" data-settings=\"{&quot;background_background&quot;:&quot;classic&quot;,&quot;shape_divider_top&quot;:&quot;mountains&quot;,&quot;shape_divider_bottom&quot;:&quot;mountains&quot;}\">\n\t\t\t\t<div class=\"elementor-shape elementor-shape-top\" aria-hidden=\"true\" data-negative=\"false\">\n\t\t\t<svg xmlns=\"http:\/\/www.w3.org\/2000\/svg\" viewBox=\"0 0 1000 100\" preserveAspectRatio=\"none\">\n\t<path class=\"elementor-shape-fill\" opacity=\"0.33\" d=\"M473,67.3c-203.9,88.3-263.1-34-320.3,0C66,119.1,0,59.7,0,59.7V0h1000v59.7 c0,0-62.1,26.1-94.9,29.3c-32.8,3.3-62.8-12.3-75.8-22.1C806,49.6,745.3,8.7,694.9,4.7S492.4,59,473,67.3z\"\/>\n\t<path class=\"elementor-shape-fill\" opacity=\"0.66\" d=\"M734,67.3c-45.5,0-77.2-23.2-129.1-39.1c-28.6-8.7-150.3-10.1-254,39.1 s-91.7-34.4-149.2,0C115.7,118.3,0,39.8,0,39.8V0h1000v36.5c0,0-28.2-18.5-92.1-18.5C810.2,18.1,775.7,67.3,734,67.3z\"\/>\n\t<path class=\"elementor-shape-fill\" d=\"M766.1,28.9c-200-57.5-266,65.5-395.1,19.5C242,1.8,242,5.4,184.8,20.6C128,35.8,132.3,44.9,89.9,52.5C28.6,63.7,0,0,0,0 h1000c0,0-9.9,40.9-83.6,48.1S829.6,47,766.1,28.9z\"\/>\n<\/svg>\t\t<\/div>\n\t\t\t\t<div class=\"elementor-shape elementor-shape-bottom\" aria-hidden=\"true\" data-negative=\"false\">\n\t\t\t<svg xmlns=\"http:\/\/www.w3.org\/2000\/svg\" viewBox=\"0 0 1000 100\" preserveAspectRatio=\"none\">\n\t<path class=\"elementor-shape-fill\" opacity=\"0.33\" d=\"M473,67.3c-203.9,88.3-263.1-34-320.3,0C66,119.1,0,59.7,0,59.7V0h1000v59.7 c0,0-62.1,26.1-94.9,29.3c-32.8,3.3-62.8-12.3-75.8-22.1C806,49.6,745.3,8.7,694.9,4.7S492.4,59,473,67.3z\"\/>\n\t<path class=\"elementor-shape-fill\" opacity=\"0.66\" d=\"M734,67.3c-45.5,0-77.2-23.2-129.1-39.1c-28.6-8.7-150.3-10.1-254,39.1 s-91.7-34.4-149.2,0C115.7,118.3,0,39.8,0,39.8V0h1000v36.5c0,0-28.2-18.5-92.1-18.5C810.2,18.1,775.7,67.3,734,67.3z\"\/>\n\t<path class=\"elementor-shape-fill\" d=\"M766.1,28.9c-200-57.5-266,65.5-395.1,19.5C242,1.8,242,5.4,184.8,20.6C128,35.8,132.3,44.9,89.9,52.5C28.6,63.7,0,0,0,0 h1000c0,0-9.9,40.9-83.6,48.1S829.6,47,766.1,28.9z\"\/>\n<\/svg>\t\t<\/div>\n\t\t\t\t<div class=\"elementor-element elementor-element-1bee5cff elementor-widget-tablet__width-initial elementor-widget elementor-widget-heading\" data-id=\"1bee5cff\" data-element_type=\"widget\" data-e-type=\"widget\" data-widget_type=\"heading.default\">\n\t\t\t\t<div class=\"elementor-widget-container\">\n\t\t\t\t\t<h2 class=\"elementor-heading-title elementor-size-default\">De ce s\u0103 alegi Legal Allies?<\/h2>\t\t\t\t<\/div>\n\t\t\t\t<\/div>\n\t\t\t\t<div class=\"elementor-element elementor-element-6afc743 elementor-widget elementor-widget-image\" data-id=\"6afc743\" data-element_type=\"widget\" data-e-type=\"widget\" data-widget_type=\"image.default\">\n\t\t\t\t<div class=\"elementor-widget-container\">\n\t\t\t\t\t\t\t\t\t\t\t\t\t\t\t<img fetchpriority=\"high\" decoding=\"async\" width=\"607\" height=\"316\" src=\"https:\/\/legalallies.es\/wp-content\/uploads\/2025\/11\/collage.webp\" class=\"attachment-large size-large wp-image-12821\" alt=\"\" srcset=\"https:\/\/legalallies.es\/wp-content\/uploads\/2025\/11\/collage.webp 607w, https:\/\/legalallies.es\/wp-content\/uploads\/2025\/11\/collage-600x312.webp 600w, https:\/\/legalallies.es\/wp-content\/uploads\/2025\/11\/collage-300x156.webp 300w\" sizes=\"(max-width: 607px) 100vw, 607px\" \/>\t\t\t\t\t\t\t\t\t\t\t\t\t\t\t<\/div>\n\t\t\t\t<\/div>\n\t\t\t\t<div class=\"elementor-element elementor-element-7a6815ff elementor-widget elementor-widget-text-editor\" data-id=\"7a6815ff\" data-element_type=\"widget\" data-e-type=\"widget\" data-widget_type=\"text-editor.default\">\n\t\t\t\t<div class=\"elementor-widget-container\">\n\t\t\t\t\t\t\t\t\t<p>\u25cf Peste 1.000 de cazuri de succes \u00een toat\u0103 Spania<br>\u25cf Avoca\u021bi autoriza\u021bi \u0219i asisten\u021b\u0103 \u00een limba ta<br>\u25cf Serviciu disponibil 24\/7<br>\u25cf Rambursare garantat\u0103 dac\u0103 nu e\u0219ti eligibil<\/p>\t\t\t\t\t\t\t\t<\/div>\n\t\t\t\t<\/div>\n\t\t\t\t<div class=\"elementor-element elementor-element-67e5fdfc elementor-align-center boton-glow elementor-widget__width-initial elementor-widget-tablet__width-initial elementor-widget-mobile__width-initial elementor-invisible elementor-widget elementor-widget-button\" data-id=\"67e5fdfc\" data-element_type=\"widget\" data-e-type=\"widget\" data-settings=\"{&quot;_animation&quot;:&quot;pulse&quot;}\" data-widget_type=\"button.default\">\n\t\t\t\t<div class=\"elementor-widget-container\">\n\t\t\t\t\t\t\t\t\t<div class=\"elementor-button-wrapper\">\n\t\t\t\t\t<a class=\"elementor-button elementor-button-link elementor-size-sm\" href=\"https:\/\/legalallies.es\/ro\/aterizare-arraigo-sociolaboral\/\">\n\t\t\t\t\t\t<span class=\"elementor-button-content-wrapper\">\n\t\t\t\t\t\t\t\t\t<span class=\"elementor-button-text\">Contracta\u021bi serviciul acum<\/span>\n\t\t\t\t\t<\/span>\n\t\t\t\t\t<\/a>\n\t\t\t\t<\/div>\n\t\t\t\t\t\t\t\t<\/div>\n\t\t\t\t<\/div>\n\t\t\t\t<\/div>\n\t\t<div class=\"elementor-element elementor-element-1a31881 e-con-full elementor-hidden-desktop elementor-hidden-tablet elementor-hidden-mobile e-flex e-con e-child\" data-id=\"1a31881\" data-element_type=\"container\" data-e-type=\"container\">\n\t\t\t\t<div class=\"elementor-element elementor-element-8ce0778 elementor-widget elementor-widget-html\" data-id=\"8ce0778\" data-element_type=\"widget\" data-e-type=\"widget\" data-widget_type=\"html.default\">\n\t\t\t\t<div class=\"elementor-widget-container\">\n\t\t\t\t\t<script>document.addEventListener('DOMContentLoaded', function () {\n    const botones = document.querySelectorAll('.boton-glow');\n    if (!botones.length) return;\n    \n    let isGlowing = false;\n\n    function startGlowEffect() {\n        if (isGlowing) return;\n        isGlowing = true;\n        \n        setInterval(() => {\n            \/\/ activar glow en todos\n            botones.forEach(boton => {\n                boton.classList.add('glow');\n                setTimeout(() => {\n                    boton.classList.remove('glow');\n                }, 1000);\n            });\n        }, 1500); \/\/ cada 1,5 s\n    }\n\n    startGlowEffect();\n});\n<\/script>\t\t\t\t<\/div>\n\t\t\t\t<\/div>\n\t\t\t\t<\/div>\n\t\t\t\t\t<\/div>\n\t\t\t\t<\/div>\n\t\t\t\t<\/div>\n\t\t\n","protected":false},"excerpt":{"rendered":"<p>Locuie\u0219ti \u00een Spania f\u0103r\u0103 acte?&nbsp;Po\u021bi \u00eencepe o nou\u0103 etap\u0103 legal\u0103 \u00een via\u021ba ta. \u00ce\u021bi explic\u0103m cum po\u021bi solicita arraigo sociolaboral \u0219i s\u0103 \u00ee\u021bi schimbi situa\u021bia. &#8220;Sunt de doi ani \u00een Spania, lucrez unde pot, f\u0103r\u0103 contract, f\u0103r\u0103 acte, nu pot merge s\u0103-mi v\u0103d familia. Vreau s\u0103 \u00eencep din nou, legal, dar nu \u0219tiu de unde [&hellip;]<\/p>\n","protected":false},"featured_media":11093,"template":"","meta":{"_acf_changed":false},"servicio-categoria":[198],"class_list":["post-11196","servicio","type-servicio","status-publish","has-post-thumbnail","hentry","servicio-categoria-dreptul-imigratiei"],"acf":[],"yoast_head":"<!-- This site is optimized with the Yoast SEO plugin v27.3 - https:\/\/yoast.com\/product\/yoast-seo-wordpress\/ -->\n<title>Arraigo sociolaboral \u00een Spania: cerin\u021be \u0219i aspecte esen\u021biale<\/title>\n<meta name=\"description\" content=\"Afl\u0103 cum po\u021bi ob\u021bine arraigo sociolaboral \u00een Spania. Cerin\u021bele, documentele \u0219i pa\u0219ii necesari pentru a-\u021bi legaliza statutul cu succes.\" \/>\n<meta name=\"robots\" content=\"index, follow, max-snippet:-1, max-image-preview:large, max-video-preview:-1\" \/>\n<link rel=\"canonical\" href=\"https:\/\/legalallies.es\/ro\/servicio\/arraigo-sociolaboral-spania-cerinte-aspecte-esentiale\/\" \/>\n<meta property=\"og:locale\" content=\"ro_RO\" \/>\n<meta property=\"og:type\" content=\"article\" \/>\n<meta property=\"og:title\" content=\"Arraigo sociolaboral \u00een Spania: cerin\u021be \u0219i aspecte esen\u021biale\" \/>\n<meta property=\"og:description\" content=\"Afl\u0103 cum po\u021bi ob\u021bine arraigo sociolaboral \u00een Spania. Cerin\u021bele, documentele \u0219i pa\u0219ii necesari pentru a-\u021bi legaliza statutul cu succes.\" \/>\n<meta property=\"og:url\" content=\"https:\/\/legalallies.es\/ro\/servicio\/arraigo-sociolaboral-spania-cerinte-aspecte-esentiale\/\" \/>\n<meta property=\"og:site_name\" content=\"Legal Allies\" \/>\n<meta property=\"article:publisher\" content=\"https:\/\/www.facebook.com\/LegalAllies7\" \/>\n<meta property=\"article:modified_time\" content=\"2025-12-18T22:16:59+00:00\" \/>\n<meta property=\"og:image\" content=\"https:\/\/legalallies.es\/wp-content\/uploads\/2025\/11\/img-1.webp\" \/>\n\t<meta property=\"og:image:width\" content=\"1800\" \/>\n\t<meta property=\"og:image:height\" content=\"800\" \/>\n\t<meta property=\"og:image:type\" content=\"image\/webp\" \/>\n<meta name=\"twitter:card\" content=\"summary_large_image\" \/>\n<meta name=\"twitter:site\" content=\"@legalallies7\" \/>\n<meta name=\"twitter:label1\" content=\"Timp estimat pentru citire\" \/>\n\t<meta name=\"twitter:data1\" content=\"4 minute\" \/>\n<script type=\"application\/ld+json\" class=\"yoast-schema-graph\">{\"@context\":\"https:\\\/\\\/schema.org\",\"@graph\":[{\"@type\":\"WebPage\",\"@id\":\"https:\\\/\\\/legalallies.es\\\/ro\\\/servicio\\\/arraigo-sociolaboral-spania-cerinte-aspecte-esentiale\\\/\",\"url\":\"https:\\\/\\\/legalallies.es\\\/ro\\\/servicio\\\/arraigo-sociolaboral-spania-cerinte-aspecte-esentiale\\\/\",\"name\":\"Arraigo sociolaboral \u00een Spania: cerin\u021be \u0219i aspecte esen\u021biale\",\"isPartOf\":{\"@id\":\"https:\\\/\\\/legalallies.es\\\/ro\\\/#website\"},\"primaryImageOfPage\":{\"@id\":\"https:\\\/\\\/legalallies.es\\\/ro\\\/servicio\\\/arraigo-sociolaboral-spania-cerinte-aspecte-esentiale\\\/#primaryimage\"},\"image\":{\"@id\":\"https:\\\/\\\/legalallies.es\\\/ro\\\/servicio\\\/arraigo-sociolaboral-spania-cerinte-aspecte-esentiale\\\/#primaryimage\"},\"thumbnailUrl\":\"https:\\\/\\\/legalallies.es\\\/wp-content\\\/uploads\\\/2025\\\/11\\\/img-1.webp\",\"datePublished\":\"2025-11-23T20:10:29+00:00\",\"dateModified\":\"2025-12-18T22:16:59+00:00\",\"description\":\"Afl\u0103 cum po\u021bi ob\u021bine arraigo sociolaboral \u00een Spania. Cerin\u021bele, documentele \u0219i pa\u0219ii necesari pentru a-\u021bi legaliza statutul cu succes.\",\"breadcrumb\":{\"@id\":\"https:\\\/\\\/legalallies.es\\\/ro\\\/servicio\\\/arraigo-sociolaboral-spania-cerinte-aspecte-esentiale\\\/#breadcrumb\"},\"inLanguage\":\"ro-RO\",\"potentialAction\":[{\"@type\":\"ReadAction\",\"target\":[\"https:\\\/\\\/legalallies.es\\\/ro\\\/servicio\\\/arraigo-sociolaboral-spania-cerinte-aspecte-esentiale\\\/\"]}]},{\"@type\":\"ImageObject\",\"inLanguage\":\"ro-RO\",\"@id\":\"https:\\\/\\\/legalallies.es\\\/ro\\\/servicio\\\/arraigo-sociolaboral-spania-cerinte-aspecte-esentiale\\\/#primaryimage\",\"url\":\"https:\\\/\\\/legalallies.es\\\/wp-content\\\/uploads\\\/2025\\\/11\\\/img-1.webp\",\"contentUrl\":\"https:\\\/\\\/legalallies.es\\\/wp-content\\\/uploads\\\/2025\\\/11\\\/img-1.webp\",\"width\":1800,\"height\":800,\"caption\":\"Arraigo sociolaboral \u00een Spania\"},{\"@type\":\"BreadcrumbList\",\"@id\":\"https:\\\/\\\/legalallies.es\\\/ro\\\/servicio\\\/arraigo-sociolaboral-spania-cerinte-aspecte-esentiale\\\/#breadcrumb\",\"itemListElement\":[{\"@type\":\"ListItem\",\"position\":1,\"name\":\"Acas\u0103\",\"item\":\"https:\\\/\\\/legalallies.es\\\/ro\\\/\"},{\"@type\":\"ListItem\",\"position\":2,\"name\":\"Dreptul imigra\u021biei\",\"item\":\"https:\\\/\\\/legalallies.es\\\/ro\\\/servicii\\\/dreptul-imigratiei\\\/\"}]},{\"@type\":\"WebSite\",\"@id\":\"https:\\\/\\\/legalallies.es\\\/ro\\\/#website\",\"url\":\"https:\\\/\\\/legalallies.es\\\/ro\\\/\",\"name\":\"Legal Allies: Asesor\u00eda jur\u00eddica para tr\u00e1mites en Espa\u00f1a\",\"description\":\"\u00bfNecesitas asesor\u00eda jur\u00eddica para alg\u00fan tr\u00e1mite en Espa\u00f1a? En Legal Allies encontrar\u00e1s expertos en todas las ramas del derecho e informaci\u00f3n ver\u00eddica y actualizada sobre los diversos procedimientos legales.\",\"publisher\":{\"@id\":\"https:\\\/\\\/legalallies.es\\\/ro\\\/#organization\"},\"potentialAction\":[{\"@type\":\"SearchAction\",\"target\":{\"@type\":\"EntryPoint\",\"urlTemplate\":\"https:\\\/\\\/legalallies.es\\\/ro\\\/?s={search_term_string}\"},\"query-input\":{\"@type\":\"PropertyValueSpecification\",\"valueRequired\":true,\"valueName\":\"search_term_string\"}}],\"inLanguage\":\"ro-RO\"},{\"@type\":\"Organization\",\"@id\":\"https:\\\/\\\/legalallies.es\\\/ro\\\/#organization\",\"name\":\"Legal Allies\",\"url\":\"https:\\\/\\\/legalallies.es\\\/ro\\\/\",\"logo\":{\"@type\":\"ImageObject\",\"inLanguage\":\"ro-RO\",\"@id\":\"https:\\\/\\\/legalallies.es\\\/ro\\\/#\\\/schema\\\/logo\\\/image\\\/\",\"url\":\"https:\\\/\\\/legalallies.es\\\/wp-content\\\/uploads\\\/2025\\\/09\\\/la2.png\",\"contentUrl\":\"https:\\\/\\\/legalallies.es\\\/wp-content\\\/uploads\\\/2025\\\/09\\\/la2.png\",\"width\":1024,\"height\":1024,\"caption\":\"Legal Allies\"},\"image\":{\"@id\":\"https:\\\/\\\/legalallies.es\\\/ro\\\/#\\\/schema\\\/logo\\\/image\\\/\"},\"sameAs\":[\"https:\\\/\\\/www.facebook.com\\\/LegalAllies7\",\"https:\\\/\\\/x.com\\\/legalallies7\",\"https:\\\/\\\/www.instagram.com\\\/legal.allies\"]}]}<\/script>\n<!-- \/ Yoast SEO plugin. -->","yoast_head_json":{"title":"Arraigo sociolaboral \u00een Spania: cerin\u021be \u0219i aspecte esen\u021biale","description":"Afl\u0103 cum po\u021bi ob\u021bine arraigo sociolaboral \u00een Spania. Cerin\u021bele, documentele \u0219i pa\u0219ii necesari pentru a-\u021bi legaliza statutul cu succes.","robots":{"index":"index","follow":"follow","max-snippet":"max-snippet:-1","max-image-preview":"max-image-preview:large","max-video-preview":"max-video-preview:-1"},"canonical":"https:\/\/legalallies.es\/ro\/servicio\/arraigo-sociolaboral-spania-cerinte-aspecte-esentiale\/","og_locale":"ro_RO","og_type":"article","og_title":"Arraigo sociolaboral \u00een Spania: cerin\u021be \u0219i aspecte esen\u021biale","og_description":"Afl\u0103 cum po\u021bi ob\u021bine arraigo sociolaboral \u00een Spania. Cerin\u021bele, documentele \u0219i pa\u0219ii necesari pentru a-\u021bi legaliza statutul cu succes.","og_url":"https:\/\/legalallies.es\/ro\/servicio\/arraigo-sociolaboral-spania-cerinte-aspecte-esentiale\/","og_site_name":"Legal Allies","article_publisher":"https:\/\/www.facebook.com\/LegalAllies7","article_modified_time":"2025-12-18T22:16:59+00:00","og_image":[{"width":1800,"height":800,"url":"https:\/\/legalallies.es\/wp-content\/uploads\/2025\/11\/img-1.webp","type":"image\/webp"}],"twitter_card":"summary_large_image","twitter_site":"@legalallies7","twitter_misc":{"Timp estimat pentru citire":"4 minute"},"schema":{"@context":"https:\/\/schema.org","@graph":[{"@type":"WebPage","@id":"https:\/\/legalallies.es\/ro\/servicio\/arraigo-sociolaboral-spania-cerinte-aspecte-esentiale\/","url":"https:\/\/legalallies.es\/ro\/servicio\/arraigo-sociolaboral-spania-cerinte-aspecte-esentiale\/","name":"Arraigo sociolaboral \u00een Spania: cerin\u021be \u0219i aspecte esen\u021biale","isPartOf":{"@id":"https:\/\/legalallies.es\/ro\/#website"},"primaryImageOfPage":{"@id":"https:\/\/legalallies.es\/ro\/servicio\/arraigo-sociolaboral-spania-cerinte-aspecte-esentiale\/#primaryimage"},"image":{"@id":"https:\/\/legalallies.es\/ro\/servicio\/arraigo-sociolaboral-spania-cerinte-aspecte-esentiale\/#primaryimage"},"thumbnailUrl":"https:\/\/legalallies.es\/wp-content\/uploads\/2025\/11\/img-1.webp","datePublished":"2025-11-23T20:10:29+00:00","dateModified":"2025-12-18T22:16:59+00:00","description":"Afl\u0103 cum po\u021bi ob\u021bine arraigo sociolaboral \u00een Spania. Cerin\u021bele, documentele \u0219i pa\u0219ii necesari pentru a-\u021bi legaliza statutul cu succes.","breadcrumb":{"@id":"https:\/\/legalallies.es\/ro\/servicio\/arraigo-sociolaboral-spania-cerinte-aspecte-esentiale\/#breadcrumb"},"inLanguage":"ro-RO","potentialAction":[{"@type":"ReadAction","target":["https:\/\/legalallies.es\/ro\/servicio\/arraigo-sociolaboral-spania-cerinte-aspecte-esentiale\/"]}]},{"@type":"ImageObject","inLanguage":"ro-RO","@id":"https:\/\/legalallies.es\/ro\/servicio\/arraigo-sociolaboral-spania-cerinte-aspecte-esentiale\/#primaryimage","url":"https:\/\/legalallies.es\/wp-content\/uploads\/2025\/11\/img-1.webp","contentUrl":"https:\/\/legalallies.es\/wp-content\/uploads\/2025\/11\/img-1.webp","width":1800,"height":800,"caption":"Arraigo sociolaboral \u00een Spania"},{"@type":"BreadcrumbList","@id":"https:\/\/legalallies.es\/ro\/servicio\/arraigo-sociolaboral-spania-cerinte-aspecte-esentiale\/#breadcrumb","itemListElement":[{"@type":"ListItem","position":1,"name":"Acas\u0103","item":"https:\/\/legalallies.es\/ro\/"},{"@type":"ListItem","position":2,"name":"Dreptul imigra\u021biei","item":"https:\/\/legalallies.es\/ro\/servicii\/dreptul-imigratiei\/"}]},{"@type":"WebSite","@id":"https:\/\/legalallies.es\/ro\/#website","url":"https:\/\/legalallies.es\/ro\/","name":"Legal Allies: Asesor\u00eda jur\u00eddica para tr\u00e1mites en Espa\u00f1a","description":"\u00bfNecesitas asesor\u00eda jur\u00eddica para alg\u00fan tr\u00e1mite en Espa\u00f1a? En Legal Allies encontrar\u00e1s expertos en todas las ramas del derecho e informaci\u00f3n ver\u00eddica y actualizada sobre los diversos procedimientos legales.","publisher":{"@id":"https:\/\/legalallies.es\/ro\/#organization"},"potentialAction":[{"@type":"SearchAction","target":{"@type":"EntryPoint","urlTemplate":"https:\/\/legalallies.es\/ro\/?s={search_term_string}"},"query-input":{"@type":"PropertyValueSpecification","valueRequired":true,"valueName":"search_term_string"}}],"inLanguage":"ro-RO"},{"@type":"Organization","@id":"https:\/\/legalallies.es\/ro\/#organization","name":"Legal Allies","url":"https:\/\/legalallies.es\/ro\/","logo":{"@type":"ImageObject","inLanguage":"ro-RO","@id":"https:\/\/legalallies.es\/ro\/#\/schema\/logo\/image\/","url":"https:\/\/legalallies.es\/wp-content\/uploads\/2025\/09\/la2.png","contentUrl":"https:\/\/legalallies.es\/wp-content\/uploads\/2025\/09\/la2.png","width":1024,"height":1024,"caption":"Legal Allies"},"image":{"@id":"https:\/\/legalallies.es\/ro\/#\/schema\/logo\/image\/"},"sameAs":["https:\/\/www.facebook.com\/LegalAllies7","https:\/\/x.com\/legalallies7","https:\/\/www.instagram.com\/legal.allies"]}]}},"_links":{"self":[{"href":"https:\/\/legalallies.es\/ro\/wp-json\/wp\/v2\/servicio\/11196","targetHints":{"allow":["GET"]}}],"collection":[{"href":"https:\/\/legalallies.es\/ro\/wp-json\/wp\/v2\/servicio"}],"about":[{"href":"https:\/\/legalallies.es\/ro\/wp-json\/wp\/v2\/types\/servicio"}],"version-history":[{"count":2,"href":"https:\/\/legalallies.es\/ro\/wp-json\/wp\/v2\/servicio\/11196\/revisions"}],"predecessor-version":[{"id":13250,"href":"https:\/\/legalallies.es\/ro\/wp-json\/wp\/v2\/servicio\/11196\/revisions\/13250"}],"wp:featuredmedia":[{"embeddable":true,"href":"https:\/\/legalallies.es\/ro\/wp-json\/wp\/v2\/media\/11093"}],"wp:attachment":[{"href":"https:\/\/legalallies.es\/ro\/wp-json\/wp\/v2\/media?parent=11196"}],"wp:term":[{"taxonomy":"servicio-categoria","embeddable":true,"href":"https:\/\/legalallies.es\/ro\/wp-json\/wp\/v2\/servicio-categoria?post=11196"}],"curies":[{"name":"wp","href":"https:\/\/api.w.org\/{rel}","templated":true}]}}