{"id":5049,"date":"2025-05-11T21:33:40","date_gmt":"2025-05-11T20:33:40","guid":{"rendered":"https:\/\/legalallies.es\/?post_type=servicio&#038;p=5049"},"modified":"2025-07-22T13:54:09","modified_gmt":"2025-07-22T12:54:09","slug":"licenciement-pendant-un-arret-maladie-lentreprise-peut-elle-vraiment-vous-congedier","status":"publish","type":"servicio","link":"https:\/\/legalallies.es\/fr\/droit-du-travail\/licenciement-pendant-un-arret-maladie-lentreprise-peut-elle-vraiment-vous-congedier\/","title":{"rendered":"\u00a0Licenciement pendant un arr\u00eat maladie : l\u2019entreprise peut-elle vraiment vous cong\u00e9dier ?"},"content":{"rendered":"\n<p>C\u2019est une question que se posent de nombreux salari\u00e9s en Espagne : mon employeur peut-il me licencier pendant que je suis en arr\u00eat maladie ?<\/p>\n\n\n\n<p>Dans cet article, on clarifie les r\u00e8gles, on vous explique quand un licenciement est l\u00e9gal, quand il ne l\u2019est pas, et surtout, comment <strong>Legal Allies<\/strong>&nbsp;peut vous accompagner si cela vous arrive.<\/p>\n\n\n\n<h2 class=\"wp-block-heading\"><strong>Est-ce l\u00e9gal d\u2019\u00eatre licenci\u00e9 pendant un arr\u00eat maladie ?<\/strong><strong><\/strong><\/h2>\n\n\n\n<p>En Espagne, \u00eatre en arr\u00eat maladie <strong>ne prot\u00e8ge pas automatiquement contre un licenciement<\/strong>. Cependant, un employeur <strong>ne peut pas justifier un licenciement uniquement en se basant sur la maladie<\/strong>.<\/p>\n\n\n\n<p>Si la v\u00e9ritable raison du licenciement est la maladie ou un accident, ce licenciement peut \u00eatre :<\/p>\n\n\n\n<ul class=\"wp-block-list\">\n<li><strong>Nul<\/strong>, s\u2019il viole des droits fondamentaux.<\/li>\n\n\n\n<li><strong>Abusif<\/strong>, s\u2019il n\u2019existe aucune justification objective.<\/li>\n<\/ul>\n\n\n\n<p>Un licenciement d\u00e9clar\u00e9 nul donne droit \u00e0 la r\u00e9int\u00e9gration dans l\u2019entreprise et au paiement des salaires non per\u00e7us.<\/p>\n\n\n\n<h2 class=\"wp-block-heading\"><strong>Dans quels cas un licenciement pendant un arr\u00eat maladie est-il l\u00e9gal ?<\/strong><strong><\/strong><\/h2>\n\n\n\n<p>Votre employeur peut proc\u00e9der \u00e0 un licenciement pendant un arr\u00eat maladie si :<\/p>\n\n\n\n<ul class=\"wp-block-list\">\n<li>Il existe une <strong>cause objective ind\u00e9pendante<\/strong>&nbsp;de votre arr\u00eat (ex. : restructuration, fermeture de l\u2019entreprise).<\/li>\n\n\n\n<li>Il y a des <strong>motifs disciplinaires justifi\u00e9s<\/strong>&nbsp;(fautes graves av\u00e9r\u00e9es).<\/li>\n\n\n\n<li>Votre <strong>contrat temporaire arrive \u00e0 son terme naturellement<\/strong>.<\/li>\n<\/ul>\n\n\n\n<p>Dans ces situations, le cong\u00e9 maladie <strong>ne vous prot\u00e8ge pas de mani\u00e8re automatique<\/strong>.<\/p>\n\n\n\n<h2 class=\"wp-block-heading\"><strong>Que faire si vous \u00eates licenci\u00e9 pendant votre arr\u00eat maladie ?<\/strong><strong><\/strong><\/h2>\n\n\n\n<p>Si vous pensez que votre licenciement est en r\u00e9alit\u00e9 li\u00e9 \u00e0 votre \u00e9tat de sant\u00e9 :<\/p>\n\n\n\n<ol class=\"wp-block-list\">\n<li><strong>D\u00e9posez une r\u00e9clamation<\/strong>&nbsp;aupr\u00e8s du SMAC (Service de M\u00e9diation, d\u2019Arbitrage et de Conciliation).<\/li>\n\n\n\n<li><strong>Demandez l\u2019annulation ou la reconnaissance du caract\u00e8re abusif<\/strong>&nbsp;du licenciement.<\/li>\n\n\n\n<li><strong>R\u00e9clamez votre r\u00e9int\u00e9gration ou une indemnisation<\/strong>&nbsp;selon le cas.<\/li>\n<\/ol>\n\n\n\n<p>Le d\u00e9lai pour agir est de <strong>20 jours ouvrables<\/strong>&nbsp;\u00e0 compter de la notification du licenciement.<\/p>\n\n\n\n<h2 class=\"wp-block-heading\"><strong>Comment Legal Allies peut vous aider si vous \u00eates licenci\u00e9 pendant un arr\u00eat maladie<\/strong><strong><\/strong><\/h2>\n\n\n\n<p>Chez <strong>Legal Allies<\/strong>, nous vous accompagnons pour faire face \u00e0 une situation aussi d\u00e9licate qu\u2019un licenciement m\u00e9dical :<\/p>\n\n\n\n<ul class=\"wp-block-list\">\n<li>Nous <strong>analysons la l\u00e9galit\u00e9<\/strong>&nbsp;de votre licenciement.<\/li>\n\n\n\n<li>Nous <strong>rassemblons les preuves<\/strong>&nbsp;n\u00e9cessaires : certificats m\u00e9dicaux, \u00e9changes avec l\u2019employeur, etc.<\/li>\n\n\n\n<li>Nous <strong>pr\u00e9sentons votre dossier<\/strong>&nbsp;devant les instances comp\u00e9tentes : conciliations, proc\u00e9dures judiciaires.<\/li>\n\n\n\n<li>Nous cherchons <strong>des accords \u00e0 l\u2019amiable<\/strong>&nbsp;ou <strong>vous d\u00e9fendons devant le juge<\/strong>.<\/li>\n<\/ul>\n\n\n\n<p>Un licenciement pendant un arr\u00eat maladie n\u2019est pas qu\u2019un probl\u00e8me juridique. C\u2019est aussi <strong>un choc \u00e9motionnel et \u00e9conomique<\/strong>. C\u2019est pourquoi notre \u00e9quipe est l\u00e0 <strong>\u00e0 chaque \u00e9tape<\/strong>.<\/p>\n\n\n\n<p>M\u00eame si l\u2019entreprise tente de vous licencier pendant votre arr\u00eat, <strong>tout n\u2019est pas perdu<\/strong>. Avec Legal Allies, vous avez les moyens de <strong>contester<\/strong>, de <strong>faire respecter vos droits<\/strong>\u2026 et de <strong>retrouver votre dignit\u00e9 professionnelle<\/strong>.<\/p>\n","protected":false},"excerpt":{"rendered":"<p>C\u2019est une question que se posent de nombreux salari\u00e9s en Espagne : mon employeur peut-il me licencier pendant que je suis en arr\u00eat maladie ? Dans cet article, on clarifie les r\u00e8gles, on vous explique quand un licenciement est l\u00e9gal, quand il ne l\u2019est pas, et surtout, comment Legal Allies&nbsp;peut vous accompagner si cela vous [&hellip;]<\/p>\n","protected":false},"featured_media":3748,"template":"","meta":{"_acf_changed":false},"servicio-categoria":[130],"class_list":["post-5049","servicio","type-servicio","status-publish","has-post-thumbnail","hentry","servicio-categoria-droit-du-travail"],"acf":[],"yoast_head":"<!-- This site is optimized with the Yoast SEO plugin v27.3 - https:\/\/yoast.com\/product\/yoast-seo-wordpress\/ -->\n<title>Licenciement pendant un arr\u00eat maladie : l\u2019entreprise peut-elle vraiment vous cong\u00e9dier ?<\/title>\n<meta name=\"description\" content=\"D\u00e9couvrez si votre employeur peut vous licencier pendant un arr\u00eat maladie en Espagne en 2025 et comment prot\u00e9ger vos droits avec Legal Allies.\" \/>\n<meta name=\"robots\" content=\"index, follow, max-snippet:-1, max-image-preview:large, max-video-preview:-1\" \/>\n<link rel=\"canonical\" href=\"https:\/\/legalallies.es\/fr\/droit-du-travail\/licenciement-pendant-un-arret-maladie-lentreprise-peut-elle-vraiment-vous-congedier\/\" \/>\n<meta property=\"og:locale\" content=\"fr_FR\" \/>\n<meta property=\"og:type\" content=\"article\" \/>\n<meta property=\"og:title\" content=\"Licenciement pendant un arr\u00eat maladie : l\u2019entreprise peut-elle vraiment vous cong\u00e9dier ?\" \/>\n<meta property=\"og:description\" content=\"D\u00e9couvrez si votre employeur peut vous licencier pendant un arr\u00eat maladie en Espagne en 2025 et comment prot\u00e9ger vos droits avec Legal Allies.\" \/>\n<meta property=\"og:url\" content=\"https:\/\/legalallies.es\/fr\/droit-du-travail\/licenciement-pendant-un-arret-maladie-lentreprise-peut-elle-vraiment-vous-congedier\/\" \/>\n<meta property=\"og:site_name\" content=\"Legal Allies\" \/>\n<meta property=\"article:publisher\" content=\"https:\/\/www.facebook.com\/LegalAllies7\" \/>\n<meta property=\"article:modified_time\" content=\"2025-07-22T12:54:09+00:00\" \/>\n<meta property=\"og:image\" content=\"https:\/\/legalallies.es\/wp-content\/uploads\/2025\/05\/bajamed2-articulo.webp\" \/>\n\t<meta property=\"og:image:width\" content=\"1800\" \/>\n\t<meta property=\"og:image:height\" content=\"800\" \/>\n\t<meta property=\"og:image:type\" content=\"image\/webp\" \/>\n<meta name=\"twitter:card\" content=\"summary_large_image\" \/>\n<meta name=\"twitter:site\" content=\"@legalallies7\" \/>\n<meta name=\"twitter:label1\" content=\"Dur\u00e9e de lecture estim\u00e9e\" \/>\n\t<meta name=\"twitter:data1\" content=\"3 minutes\" \/>\n<script type=\"application\/ld+json\" class=\"yoast-schema-graph\">{\"@context\":\"https:\\\/\\\/schema.org\",\"@graph\":[{\"@type\":\"WebPage\",\"@id\":\"https:\\\/\\\/legalallies.es\\\/fr\\\/droit-du-travail\\\/licenciement-pendant-un-arret-maladie-lentreprise-peut-elle-vraiment-vous-congedier\\\/\",\"url\":\"https:\\\/\\\/legalallies.es\\\/fr\\\/droit-du-travail\\\/licenciement-pendant-un-arret-maladie-lentreprise-peut-elle-vraiment-vous-congedier\\\/\",\"name\":\"Licenciement pendant un arr\u00eat maladie : l\u2019entreprise peut-elle vraiment vous cong\u00e9dier ?\",\"isPartOf\":{\"@id\":\"https:\\\/\\\/legalallies.es\\\/fr\\\/#website\"},\"primaryImageOfPage\":{\"@id\":\"https:\\\/\\\/legalallies.es\\\/fr\\\/droit-du-travail\\\/licenciement-pendant-un-arret-maladie-lentreprise-peut-elle-vraiment-vous-congedier\\\/#primaryimage\"},\"image\":{\"@id\":\"https:\\\/\\\/legalallies.es\\\/fr\\\/droit-du-travail\\\/licenciement-pendant-un-arret-maladie-lentreprise-peut-elle-vraiment-vous-congedier\\\/#primaryimage\"},\"thumbnailUrl\":\"https:\\\/\\\/legalallies.es\\\/wp-content\\\/uploads\\\/2025\\\/05\\\/bajamed2-articulo.webp\",\"datePublished\":\"2025-05-11T20:33:40+00:00\",\"dateModified\":\"2025-07-22T12:54:09+00:00\",\"description\":\"D\u00e9couvrez si votre employeur peut vous licencier pendant un arr\u00eat maladie en Espagne en 2025 et comment prot\u00e9ger vos droits avec Legal Allies.\",\"breadcrumb\":{\"@id\":\"https:\\\/\\\/legalallies.es\\\/fr\\\/droit-du-travail\\\/licenciement-pendant-un-arret-maladie-lentreprise-peut-elle-vraiment-vous-congedier\\\/#breadcrumb\"},\"inLanguage\":\"fr-FR\",\"potentialAction\":[{\"@type\":\"ReadAction\",\"target\":[\"https:\\\/\\\/legalallies.es\\\/fr\\\/droit-du-travail\\\/licenciement-pendant-un-arret-maladie-lentreprise-peut-elle-vraiment-vous-congedier\\\/\"]}]},{\"@type\":\"ImageObject\",\"inLanguage\":\"fr-FR\",\"@id\":\"https:\\\/\\\/legalallies.es\\\/fr\\\/droit-du-travail\\\/licenciement-pendant-un-arret-maladie-lentreprise-peut-elle-vraiment-vous-congedier\\\/#primaryimage\",\"url\":\"https:\\\/\\\/legalallies.es\\\/wp-content\\\/uploads\\\/2025\\\/05\\\/bajamed2-articulo.webp\",\"contentUrl\":\"https:\\\/\\\/legalallies.es\\\/wp-content\\\/uploads\\\/2025\\\/05\\\/bajamed2-articulo.webp\",\"width\":1800,\"height\":800,\"caption\":\"licenciement pendant un arr\u00eat maladie\"},{\"@type\":\"BreadcrumbList\",\"@id\":\"https:\\\/\\\/legalallies.es\\\/fr\\\/droit-du-travail\\\/licenciement-pendant-un-arret-maladie-lentreprise-peut-elle-vraiment-vous-congedier\\\/#breadcrumb\",\"itemListElement\":[{\"@type\":\"ListItem\",\"position\":1,\"name\":\"Accueil\",\"item\":\"https:\\\/\\\/legalallies.es\\\/fr\\\/\"},{\"@type\":\"ListItem\",\"position\":2,\"name\":\"Droit du travail\",\"item\":\"https:\\\/\\\/legalallies.es\\\/fr\\\/services\\\/droit-du-travail\\\/\"},{\"@type\":\"ListItem\",\"position\":3,\"name\":\"\u00a0Licenciement pendant un arr\u00eat maladie : l\u2019entreprise peut-elle vraiment vous cong\u00e9dier ?\"}]},{\"@type\":\"WebSite\",\"@id\":\"https:\\\/\\\/legalallies.es\\\/fr\\\/#website\",\"url\":\"https:\\\/\\\/legalallies.es\\\/fr\\\/\",\"name\":\"Legal Allies: Asesor\u00eda jur\u00eddica para tr\u00e1mites en Espa\u00f1a\",\"description\":\"\u00bfNecesitas asesor\u00eda jur\u00eddica para alg\u00fan tr\u00e1mite en Espa\u00f1a? En Legal Allies encontrar\u00e1s expertos en todas las ramas del derecho e informaci\u00f3n ver\u00eddica y actualizada sobre los diversos procedimientos legales.\",\"publisher\":{\"@id\":\"https:\\\/\\\/legalallies.es\\\/fr\\\/#organization\"},\"potentialAction\":[{\"@type\":\"SearchAction\",\"target\":{\"@type\":\"EntryPoint\",\"urlTemplate\":\"https:\\\/\\\/legalallies.es\\\/fr\\\/?s={search_term_string}\"},\"query-input\":{\"@type\":\"PropertyValueSpecification\",\"valueRequired\":true,\"valueName\":\"search_term_string\"}}],\"inLanguage\":\"fr-FR\"},{\"@type\":\"Organization\",\"@id\":\"https:\\\/\\\/legalallies.es\\\/fr\\\/#organization\",\"name\":\"Legal Allies\",\"url\":\"https:\\\/\\\/legalallies.es\\\/fr\\\/\",\"logo\":{\"@type\":\"ImageObject\",\"inLanguage\":\"fr-FR\",\"@id\":\"https:\\\/\\\/legalallies.es\\\/fr\\\/#\\\/schema\\\/logo\\\/image\\\/\",\"url\":\"https:\\\/\\\/legalallies.es\\\/wp-content\\\/uploads\\\/2025\\\/09\\\/la2.png\",\"contentUrl\":\"https:\\\/\\\/legalallies.es\\\/wp-content\\\/uploads\\\/2025\\\/09\\\/la2.png\",\"width\":1024,\"height\":1024,\"caption\":\"Legal Allies\"},\"image\":{\"@id\":\"https:\\\/\\\/legalallies.es\\\/fr\\\/#\\\/schema\\\/logo\\\/image\\\/\"},\"sameAs\":[\"https:\\\/\\\/www.facebook.com\\\/LegalAllies7\",\"https:\\\/\\\/x.com\\\/legalallies7\",\"https:\\\/\\\/www.instagram.com\\\/legal.allies\"]}]}<\/script>\n<!-- \/ Yoast SEO plugin. -->","yoast_head_json":{"title":"Licenciement pendant un arr\u00eat maladie : l\u2019entreprise peut-elle vraiment vous cong\u00e9dier ?","description":"D\u00e9couvrez si votre employeur peut vous licencier pendant un arr\u00eat maladie en Espagne en 2025 et comment prot\u00e9ger vos droits avec Legal Allies.","robots":{"index":"index","follow":"follow","max-snippet":"max-snippet:-1","max-image-preview":"max-image-preview:large","max-video-preview":"max-video-preview:-1"},"canonical":"https:\/\/legalallies.es\/fr\/droit-du-travail\/licenciement-pendant-un-arret-maladie-lentreprise-peut-elle-vraiment-vous-congedier\/","og_locale":"fr_FR","og_type":"article","og_title":"Licenciement pendant un arr\u00eat maladie : l\u2019entreprise peut-elle vraiment vous cong\u00e9dier ?","og_description":"D\u00e9couvrez si votre employeur peut vous licencier pendant un arr\u00eat maladie en Espagne en 2025 et comment prot\u00e9ger vos droits avec Legal Allies.","og_url":"https:\/\/legalallies.es\/fr\/droit-du-travail\/licenciement-pendant-un-arret-maladie-lentreprise-peut-elle-vraiment-vous-congedier\/","og_site_name":"Legal Allies","article_publisher":"https:\/\/www.facebook.com\/LegalAllies7","article_modified_time":"2025-07-22T12:54:09+00:00","og_image":[{"width":1800,"height":800,"url":"https:\/\/legalallies.es\/wp-content\/uploads\/2025\/05\/bajamed2-articulo.webp","type":"image\/webp"}],"twitter_card":"summary_large_image","twitter_site":"@legalallies7","twitter_misc":{"Dur\u00e9e de lecture estim\u00e9e":"3 minutes"},"schema":{"@context":"https:\/\/schema.org","@graph":[{"@type":"WebPage","@id":"https:\/\/legalallies.es\/fr\/droit-du-travail\/licenciement-pendant-un-arret-maladie-lentreprise-peut-elle-vraiment-vous-congedier\/","url":"https:\/\/legalallies.es\/fr\/droit-du-travail\/licenciement-pendant-un-arret-maladie-lentreprise-peut-elle-vraiment-vous-congedier\/","name":"Licenciement pendant un arr\u00eat maladie : l\u2019entreprise peut-elle vraiment vous cong\u00e9dier ?","isPartOf":{"@id":"https:\/\/legalallies.es\/fr\/#website"},"primaryImageOfPage":{"@id":"https:\/\/legalallies.es\/fr\/droit-du-travail\/licenciement-pendant-un-arret-maladie-lentreprise-peut-elle-vraiment-vous-congedier\/#primaryimage"},"image":{"@id":"https:\/\/legalallies.es\/fr\/droit-du-travail\/licenciement-pendant-un-arret-maladie-lentreprise-peut-elle-vraiment-vous-congedier\/#primaryimage"},"thumbnailUrl":"https:\/\/legalallies.es\/wp-content\/uploads\/2025\/05\/bajamed2-articulo.webp","datePublished":"2025-05-11T20:33:40+00:00","dateModified":"2025-07-22T12:54:09+00:00","description":"D\u00e9couvrez si votre employeur peut vous licencier pendant un arr\u00eat maladie en Espagne en 2025 et comment prot\u00e9ger vos droits avec Legal Allies.","breadcrumb":{"@id":"https:\/\/legalallies.es\/fr\/droit-du-travail\/licenciement-pendant-un-arret-maladie-lentreprise-peut-elle-vraiment-vous-congedier\/#breadcrumb"},"inLanguage":"fr-FR","potentialAction":[{"@type":"ReadAction","target":["https:\/\/legalallies.es\/fr\/droit-du-travail\/licenciement-pendant-un-arret-maladie-lentreprise-peut-elle-vraiment-vous-congedier\/"]}]},{"@type":"ImageObject","inLanguage":"fr-FR","@id":"https:\/\/legalallies.es\/fr\/droit-du-travail\/licenciement-pendant-un-arret-maladie-lentreprise-peut-elle-vraiment-vous-congedier\/#primaryimage","url":"https:\/\/legalallies.es\/wp-content\/uploads\/2025\/05\/bajamed2-articulo.webp","contentUrl":"https:\/\/legalallies.es\/wp-content\/uploads\/2025\/05\/bajamed2-articulo.webp","width":1800,"height":800,"caption":"licenciement pendant un arr\u00eat maladie"},{"@type":"BreadcrumbList","@id":"https:\/\/legalallies.es\/fr\/droit-du-travail\/licenciement-pendant-un-arret-maladie-lentreprise-peut-elle-vraiment-vous-congedier\/#breadcrumb","itemListElement":[{"@type":"ListItem","position":1,"name":"Accueil","item":"https:\/\/legalallies.es\/fr\/"},{"@type":"ListItem","position":2,"name":"Droit du travail","item":"https:\/\/legalallies.es\/fr\/services\/droit-du-travail\/"},{"@type":"ListItem","position":3,"name":"\u00a0Licenciement pendant un arr\u00eat maladie : l\u2019entreprise peut-elle vraiment vous cong\u00e9dier ?"}]},{"@type":"WebSite","@id":"https:\/\/legalallies.es\/fr\/#website","url":"https:\/\/legalallies.es\/fr\/","name":"Legal Allies: Asesor\u00eda jur\u00eddica para tr\u00e1mites en Espa\u00f1a","description":"\u00bfNecesitas asesor\u00eda jur\u00eddica para alg\u00fan tr\u00e1mite en Espa\u00f1a? En Legal Allies encontrar\u00e1s expertos en todas las ramas del derecho e informaci\u00f3n ver\u00eddica y actualizada sobre los diversos procedimientos legales.","publisher":{"@id":"https:\/\/legalallies.es\/fr\/#organization"},"potentialAction":[{"@type":"SearchAction","target":{"@type":"EntryPoint","urlTemplate":"https:\/\/legalallies.es\/fr\/?s={search_term_string}"},"query-input":{"@type":"PropertyValueSpecification","valueRequired":true,"valueName":"search_term_string"}}],"inLanguage":"fr-FR"},{"@type":"Organization","@id":"https:\/\/legalallies.es\/fr\/#organization","name":"Legal Allies","url":"https:\/\/legalallies.es\/fr\/","logo":{"@type":"ImageObject","inLanguage":"fr-FR","@id":"https:\/\/legalallies.es\/fr\/#\/schema\/logo\/image\/","url":"https:\/\/legalallies.es\/wp-content\/uploads\/2025\/09\/la2.png","contentUrl":"https:\/\/legalallies.es\/wp-content\/uploads\/2025\/09\/la2.png","width":1024,"height":1024,"caption":"Legal Allies"},"image":{"@id":"https:\/\/legalallies.es\/fr\/#\/schema\/logo\/image\/"},"sameAs":["https:\/\/www.facebook.com\/LegalAllies7","https:\/\/x.com\/legalallies7","https:\/\/www.instagram.com\/legal.allies"]}]}},"_links":{"self":[{"href":"https:\/\/legalallies.es\/fr\/wp-json\/wp\/v2\/servicio\/5049","targetHints":{"allow":["GET"]}}],"collection":[{"href":"https:\/\/legalallies.es\/fr\/wp-json\/wp\/v2\/servicio"}],"about":[{"href":"https:\/\/legalallies.es\/fr\/wp-json\/wp\/v2\/types\/servicio"}],"version-history":[{"count":2,"href":"https:\/\/legalallies.es\/fr\/wp-json\/wp\/v2\/servicio\/5049\/revisions"}],"predecessor-version":[{"id":7779,"href":"https:\/\/legalallies.es\/fr\/wp-json\/wp\/v2\/servicio\/5049\/revisions\/7779"}],"wp:featuredmedia":[{"embeddable":true,"href":"https:\/\/legalallies.es\/fr\/wp-json\/wp\/v2\/media\/3748"}],"wp:attachment":[{"href":"https:\/\/legalallies.es\/fr\/wp-json\/wp\/v2\/media?parent=5049"}],"wp:term":[{"taxonomy":"servicio-categoria","embeddable":true,"href":"https:\/\/legalallies.es\/fr\/wp-json\/wp\/v2\/servicio-categoria?post=5049"}],"curies":[{"name":"wp","href":"https:\/\/api.w.org\/{rel}","templated":true}]}}